{"id":92493,"date":"2023-11-28T16:33:00","date_gmt":"2023-11-28T15:33:00","guid":{"rendered":"https:\/\/www.hotelgalli.it\/costa-del-sole\/"},"modified":"2025-02-12T11:22:00","modified_gmt":"2025-02-12T10:22:00","slug":"costa-del-sole","status":"publish","type":"page","link":"https:\/\/www.hotelgalli.it\/fr\/costa-del-sole\/","title":{"rendered":"Costa del Sole"},"content":{"rendered":"\t\t<div data-elementor-type=\"wp-page\" data-elementor-id=\"92493\" class=\"elementor elementor-92493 elementor-89151\">\n\t\t\t\t\t\t<section class=\"elementor-section elementor-top-section elementor-element elementor-element-9c2cbcd elementor-section-stretched elementor-section-full_width elementor-section-height-default elementor-section-height-default tm-col-stretched-none tm-bg-color-over-image\" data-id=\"9c2cbcd\" data-element_type=\"section\" data-e-type=\"section\" data-settings=\"{&quot;stretch_section&quot;:&quot;section-stretched&quot;,&quot;background_background&quot;:&quot;classic&quot;}\">\n\t\t\t\t\t\t<div class=\"elementor-container elementor-column-gap-default\">\n\t\t\t\t\t<div class=\"elementor-column elementor-col-100 elementor-top-column elementor-element elementor-element-492a908 tm-bg-color-over-image\" data-id=\"492a908\" data-element_type=\"column\" data-e-type=\"column\">\n\t\t\t<div class=\"elementor-widget-wrap elementor-element-populated\">\n\t\t\t\t\t\t<div class=\"elementor-element elementor-element-87d993f elementor-widget elementor-widget-spacer\" data-id=\"87d993f\" data-element_type=\"widget\" data-e-type=\"widget\" data-widget_type=\"spacer.default\">\n\t\t\t\t<div class=\"elementor-widget-container\">\n\t\t\t\t\t\t\t<div class=\"elementor-spacer\">\n\t\t\t<div class=\"elementor-spacer-inner\"><\/div>\n\t\t<\/div>\n\t\t\t\t\t\t<\/div>\n\t\t\t\t<\/div>\n\t\t\t\t\t<\/div>\n\t\t<\/div>\n\t\t\t\t\t<\/div>\n\t\t<\/section>\n\t\t\t\t<section class=\"elementor-section elementor-top-section elementor-element elementor-element-2f61b088 boxbook elementor-section-boxed elementor-section-height-default elementor-section-height-default tm-col-stretched-none tm-bg-color-over-image\" data-id=\"2f61b088\" data-element_type=\"section\" data-e-type=\"section\" data-settings=\"{&quot;background_background&quot;:&quot;classic&quot;}\">\n\t\t\t\t\t\t<div class=\"elementor-container elementor-column-gap-extended\">\n\t\t\t\t\t<div class=\"elementor-column elementor-col-100 elementor-top-column elementor-element elementor-element-50e86b59 tm-bg-color-over-image\" data-id=\"50e86b59\" data-element_type=\"column\" data-e-type=\"column\">\n\t\t\t<div class=\"elementor-widget-wrap elementor-element-populated\">\n\t\t\t\t\t\t<section class=\"elementor-section elementor-inner-section elementor-element elementor-element-74c633ee elementor-section-content-middle elementor-section-boxed elementor-section-height-default elementor-section-height-default tm-col-stretched-none tm-bg-color-over-image\" data-id=\"74c633ee\" data-element_type=\"section\" data-e-type=\"section\">\n\t\t\t\t\t\t<div class=\"elementor-container elementor-column-gap-default\">\n\t\t\t\t\t<div class=\"elementor-column elementor-col-100 elementor-inner-column elementor-element elementor-element-62efe77b tm-bg-color-over-image\" data-id=\"62efe77b\" data-element_type=\"column\" data-e-type=\"column\">\n\t\t\t<div class=\"elementor-widget-wrap elementor-element-populated\">\n\t\t\t\t\t\t<div class=\"elementor-element elementor-element-caeda3a elementor-widget__width-auto elementor-widget elementor-widget-shortcode\" data-id=\"caeda3a\" data-element_type=\"widget\" data-e-type=\"widget\" data-widget_type=\"shortcode.default\">\n\t\t\t\t<div class=\"elementor-widget-container\">\n\t\t\t\t\t\t\t<div class=\"elementor-shortcode\"><\/div>\n\t\t\t\t\t\t<\/div>\n\t\t\t\t<\/div>\n\t\t\t\t\t<\/div>\n\t\t<\/div>\n\t\t\t\t\t<\/div>\n\t\t<\/section>\n\t\t\t\t\t<\/div>\n\t\t<\/div>\n\t\t\t\t\t<\/div>\n\t\t<\/section>\n\t\t\t\t<section class=\"elementor-section elementor-top-section elementor-element elementor-element-6d804b5 elementor-section-stretched elementor-section-boxed elementor-section-height-default elementor-section-height-default tm-col-stretched-none tm-bg-color-over-image\" data-id=\"6d804b5\" data-element_type=\"section\" data-e-type=\"section\" data-settings=\"{&quot;stretch_section&quot;:&quot;section-stretched&quot;}\">\n\t\t\t\t\t\t\t<div class=\"elementor-background-overlay\"><\/div>\n\t\t\t\t\t\t\t<div class=\"elementor-container elementor-column-gap-extended\">\n\t\t\t\t\t<div class=\"elementor-column elementor-col-33 elementor-top-column elementor-element elementor-element-30a1abe tm-bg-color-over-image\" data-id=\"30a1abe\" data-element_type=\"column\" data-e-type=\"column\">\n\t\t\t<div class=\"elementor-widget-wrap elementor-element-populated\">\n\t\t\t\t\t\t<div class=\"elementor-element elementor-element-1bc8128 horizontal-line-align-left vertical-line-align-bottom elementor-widget elementor-widget-tm-ele-section-title\" data-id=\"1bc8128\" data-element_type=\"widget\" data-e-type=\"widget\" data-widget_type=\"tm-ele-section-title.default\">\n\t\t\t\t<div class=\"elementor-widget-container\">\n\t\t\t\t\t<div class=\"tm-sc-section-title section-title line-left-current-theme \">\r\n\t<div class=\"title-wrapper\">\r\n\t\t\t\t\t\t<h6 class=\"subtitle \">\r\n\r\n\t\t\r\n\t\t\u00cele d'Elbe\t<\/h6>\r\n\t\t\t\t<h2 class=\"title \">\r\n\r\n\t\t\r\n\t\t\t\t<span class=\"title-part1 \">Costa del Sole<\/span>\r\n\t\t\t\t\r\n\t\t\r\n\t<\/h2>\r\n\t<div class=\"title-seperator-line\"><\/div>\t\t\t\t\t\t<\/div>\r\n<\/div>\t\t\t\t<\/div>\n\t\t\t\t<\/div>\n\t\t\t\t<div class=\"elementor-element elementor-element-71e332b elementor-widget elementor-widget-tm-ele-text-editor\" data-id=\"71e332b\" data-element_type=\"widget\" data-e-type=\"widget\" data-widget_type=\"tm-ele-text-editor.default\">\n\t\t\t\t<div class=\"elementor-widget-container\">\n\t\t\t\t\t\t\t<div class=\"tm-text-editor\">\r\n\t\tLa Costa del Sole (C\u00f4te du Soleil) comprend la portion de c\u00f4te du versant sud-occidental de l\u2019\u00eele, de Colle Palombaia \u00e0 Colle d\u2019Orano avec vue panoramique sur les \u00eeles de l\u2019Archipel Toscan et sur la Corse. De jolies baies avec plages \u00e9quip\u00e9es, des falaises en pente douce ou tombant \u00e0 pic, des criques accessibles uniquement \u00e0 pied ou par la mer, des panoramas \u00e9poustouflants parfaits pour d\u2019interminables couchers de soleil.\t\t<\/div>\r\n\t\t\t\t\t<\/div>\n\t\t\t\t<\/div>\n\t\t\t\t<div class=\"elementor-element elementor-element-25ad287 elementor-widget elementor-widget-tm-ele-text-editor\" data-id=\"25ad287\" data-element_type=\"widget\" data-e-type=\"widget\" data-widget_type=\"tm-ele-text-editor.default\">\n\t\t\t\t<div class=\"elementor-widget-container\">\n\t\t\t\t\t\t\t<div class=\"tm-text-editor\">\r\n\t\tLa C\u00f4te du Soleil n\u2019est pas seulement mer et montagne. C\u2019est ici que se croisent des sentiers mill\u00e9naires jadis emprunt\u00e9s par les envahisseurs mauresques, charbonniers, bergers et paysans, le long desquels on retrouve des vestiges de villages issus de la culture Villanova, des \u00e9glises romanes du Moyen-Age et des ch\u00e8vreries ou refuges de bergers plus r\u00e9cents, typiques de la C\u00f4te du Soleil. Tout ici est lumi\u00e8re, couleurs, fleurs, parfums et paix.\t\t<\/div>\r\n\t\t\t\t\t<\/div>\n\t\t\t\t<\/div>\n\t\t\t\t\t<\/div>\n\t\t<\/div>\n\t\t\t\t<div class=\"elementor-column elementor-col-33 elementor-top-column elementor-element elementor-element-c8e18fa tm-bg-color-over-image\" data-id=\"c8e18fa\" data-element_type=\"column\" data-e-type=\"column\">\n\t\t\t<div class=\"elementor-widget-wrap\">\n\t\t\t\t\t\t\t<\/div>\n\t\t<\/div>\n\t\t\t\t<div class=\"elementor-column elementor-col-33 elementor-top-column elementor-element elementor-element-833da6b tm-bg-color-over-image\" data-id=\"833da6b\" data-element_type=\"column\" data-e-type=\"column\">\n\t\t\t<div class=\"elementor-widget-wrap elementor-element-populated\">\n\t\t\t\t\t\t<div class=\"elementor-element elementor-element-11b37a9d elementor-hidden-desktop elementor-hidden-tablet elementor-hidden-mobile elementor-widget elementor-widget-tm-ele-video-popup\" data-id=\"11b37a9d\" data-element_type=\"widget\" data-e-type=\"widget\" data-widget_type=\"tm-ele-video-popup.button-over-image\">\n\t\t\t\t<div class=\"elementor-widget-container\">\n\t\t\t\t\t\r\n<div class=\"box-hover-effect play-video-button tm-sc-video-popup tm-sc-video-popup-button-over-image tm-sc-video-popup\">\r\n\t<div class=\"effect-wrapper\">\r\n\t\t\t\t<div class=\"thumb\" style=\"background-image:url('https:\/\/www.hotelgalli.it\/wp-content\/uploads\/video_costa_del_sole.jpg')\">\r\n\t\t<\/div>\r\n\t\t\r\n\r\n\r\n\t\t\t\t<div class=\"animated-css-play-button\"><div class=\"bg-block\"><\/div><span class=\"play-icon\"><i class=\"fa fa-play\"><\/i><\/span><\/div>\r\n\t\t\r\n\t\t<div class=\"video-button-text\"><\/div>\r\n\r\n\t\t<a class=\"hover-link\" data-lightbox=\"iframe\" href=\"https:\/\/vimeo.com\/71406250\" title=\"\"><\/a>\r\n\t<\/div>\r\n<\/div>\r\n\t\t\t\t<\/div>\n\t\t\t\t<\/div>\n\t\t\t\t<div class=\"elementor-element elementor-element-a0955ff elementor-widget elementor-widget-video\" data-id=\"a0955ff\" data-element_type=\"widget\" data-e-type=\"widget\" data-settings=\"{&quot;video_type&quot;:&quot;vimeo&quot;,&quot;show_image_overlay&quot;:&quot;yes&quot;,&quot;image_overlay&quot;:{&quot;url&quot;:&quot;https:\\\/\\\/www.hotelgalli.it\\\/wp-content\\\/uploads\\\/video_costa_del_sole.jpg&quot;,&quot;id&quot;:90796,&quot;size&quot;:&quot;&quot;,&quot;alt&quot;:&quot;&quot;,&quot;source&quot;:&quot;library&quot;},&quot;lightbox&quot;:&quot;yes&quot;}\" data-widget_type=\"video.default\">\n\t\t\t\t<div class=\"elementor-widget-container\">\n\t\t\t\t\t\t\t<div class=\"elementor-wrapper elementor-open-lightbox\">\n\t\t\t\t\t\t\t<div class=\"elementor-custom-embed-image-overlay\" data-elementor-open-lightbox=\"yes\" data-elementor-lightbox=\"{&quot;type&quot;:&quot;video&quot;,&quot;videoType&quot;:&quot;vimeo&quot;,&quot;url&quot;:&quot;https:\\\/\\\/player.vimeo.com\\\/video\\\/71406250?color&amp;autopause=0&amp;loop=0&amp;muted=0&amp;title=1&amp;portrait=1&amp;byline=1#t=&quot;,&quot;autoplay&quot;:&quot;&quot;,&quot;modalOptions&quot;:{&quot;id&quot;:&quot;elementor-lightbox-a0955ff&quot;,&quot;entranceAnimation&quot;:&quot;&quot;,&quot;entranceAnimation_tablet&quot;:&quot;&quot;,&quot;entranceAnimation_mobile&quot;:&quot;&quot;,&quot;videoAspectRatio&quot;:&quot;169&quot;}}\" data-e-action-hash=\"#elementor-action%3Aaction%3Dlightbox%26settings%3DeyJ0eXBlIjoidmlkZW8iLCJ2aWRlb1R5cGUiOiJ2aW1lbyIsInVybCI6Imh0dHBzOlwvXC9wbGF5ZXIudmltZW8uY29tXC92aWRlb1wvNzE0MDYyNTA%2FY29sb3ImYXV0b3BhdXNlPTAmbG9vcD0wJm11dGVkPTAmdGl0bGU9MSZwb3J0cmFpdD0xJmJ5bGluZT0xI3Q9IiwiYXV0b3BsYXkiOiIiLCJtb2RhbE9wdGlvbnMiOnsiaWQiOiJlbGVtZW50b3ItbGlnaHRib3gtYTA5NTVmZiIsImVudHJhbmNlQW5pbWF0aW9uIjoiIiwiZW50cmFuY2VBbmltYXRpb25fdGFibGV0IjoiIiwiZW50cmFuY2VBbmltYXRpb25fbW9iaWxlIjoiIiwidmlkZW9Bc3BlY3RSYXRpbyI6IjE2OSJ9fQ%3D%3D\">\n\t\t\t\t\t\t\t\t\t\t\t<img fetchpriority=\"high\" decoding=\"async\" width=\"600\" height=\"327\" src=\"https:\/\/www.hotelgalli.it\/wp-content\/uploads\/video_costa_del_sole.jpg\" class=\"attachment-full size-full wp-image-90796\" alt=\"\" srcset=\"https:\/\/www.hotelgalli.it\/wp-content\/uploads\/video_costa_del_sole.jpg 600w, https:\/\/www.hotelgalli.it\/wp-content\/uploads\/video_costa_del_sole-300x164.jpg 300w\" sizes=\"(max-width: 600px) 100vw, 600px\" \/>\t\t\t\t\t\t\t\t\t\t\t\t\t\t\t\t<div class=\"elementor-custom-embed-play\" role=\"button\" aria-label=\"Lire la vid\u00e9o\" tabindex=\"0\">\n\t\t\t\t\t\t\t<svg aria-hidden=\"true\" class=\"e-font-icon-svg e-eicon-play\" viewBox=\"0 0 1000 1000\" xmlns=\"http:\/\/www.w3.org\/2000\/svg\"><path d=\"M838 162C746 71 633 25 500 25 371 25 258 71 163 162 71 254 25 367 25 500 25 633 71 746 163 837 254 929 367 979 500 979 633 979 746 933 838 837 929 746 975 633 975 500 975 367 929 254 838 162M808 192C892 279 933 379 933 500 933 621 892 725 808 808 725 892 621 938 500 938 379 938 279 896 196 808 113 725 67 621 67 500 67 379 108 279 196 192 279 108 383 62 500 62 621 62 721 108 808 192M438 392V642L642 517 438 392Z\"><\/path><\/svg>\t\t\t\t\t\t<\/div>\n\t\t\t\t\t\t\t\t\t<\/div>\n\t\t\t\t\t<\/div>\n\t\t\t\t\t\t<\/div>\n\t\t\t\t<\/div>\n\t\t\t\t\t<\/div>\n\t\t<\/div>\n\t\t\t\t\t<\/div>\n\t\t<\/section>\n\t\t\t\t<\/div>\n\t\t","protected":false},"excerpt":{"rendered":"<p>\u00cele d&#8217;Elbe Costa del Sole La Costa del Sole (C\u00f4te du Soleil) comprend la portion de c\u00f4te du versant sud-occidental&#8230;<\/p>\n","protected":false},"author":1,"featured_media":0,"parent":0,"menu_order":11,"comment_status":"closed","ping_status":"closed","template":"","meta":{"_joinchat":[],"footnotes":""},"class_list":["post-92493","page","type-page","status-publish","hentry"],"yoast_head":"<!-- This site is optimized with the Yoast SEO plugin v27.4 - https:\/\/yoast.com\/product\/yoast-seo-wordpress\/ -->\n<title>Costa del Sole - Hotel Galli Wellness &amp; SPA - Fetovaia, \u00cele d&#039;Elbe<\/title>\n<meta name=\"description\" content=\"La Costa del Sole (C\u00f4te du Soleil) comprend la portion de c\u00f4te du versant sud-occidental de l\u2019\u00eele, de Colle Palombaia \u00e0 Colle d\u2019Orano.\" \/>\n<meta name=\"robots\" content=\"index, follow, max-snippet:-1, max-image-preview:large, max-video-preview:-1\" \/>\n<link rel=\"canonical\" href=\"https:\/\/www.hotelgalli.it\/fr\/costa-del-sole\/\" \/>\n<meta property=\"og:locale\" content=\"fr_FR\" \/>\n<meta property=\"og:type\" content=\"article\" \/>\n<meta property=\"og:title\" content=\"Costa del Sole - Hotel Galli Wellness &amp; SPA - Fetovaia, \u00cele d&#039;Elbe\" \/>\n<meta property=\"og:description\" content=\"La Costa del Sole (C\u00f4te du Soleil) comprend la portion de c\u00f4te du versant sud-occidental de l\u2019\u00eele, de Colle Palombaia \u00e0 Colle d\u2019Orano.\" \/>\n<meta property=\"og:url\" content=\"https:\/\/www.hotelgalli.it\/fr\/costa-del-sole\/\" \/>\n<meta property=\"og:site_name\" content=\"Hotel Galli Wellness &amp; SPA\" \/>\n<meta property=\"article:publisher\" content=\"https:\/\/www.facebook.com\/hotelgalli.fetovaia\/\" \/>\n<meta property=\"article:modified_time\" content=\"2025-02-12T10:22:00+00:00\" \/>\n<meta name=\"twitter:card\" content=\"summary_large_image\" \/>\n<meta name=\"twitter:label1\" content=\"Dur\u00e9e de lecture estim\u00e9e\" \/>\n\t<meta name=\"twitter:data1\" content=\"1 minute\" \/>\n<script type=\"application\/ld+json\" class=\"yoast-schema-graph\">{\"@context\":\"https:\\\/\\\/schema.org\",\"@graph\":[{\"@type\":\"WebPage\",\"@id\":\"https:\\\/\\\/www.hotelgalli.it\\\/fr\\\/costa-del-sole\\\/\",\"url\":\"https:\\\/\\\/www.hotelgalli.it\\\/fr\\\/costa-del-sole\\\/\",\"name\":\"Costa del Sole - Hotel Galli Wellness &amp; SPA - Fetovaia, \u00cele d'Elbe\",\"isPartOf\":{\"@id\":\"https:\\\/\\\/www.hotelgalli.it\\\/fr\\\/#website\"},\"datePublished\":\"2023-11-28T15:33:00+00:00\",\"dateModified\":\"2025-02-12T10:22:00+00:00\",\"description\":\"La Costa del Sole (C\u00f4te du Soleil) comprend la portion de c\u00f4te du versant sud-occidental de l\u2019\u00eele, de Colle Palombaia \u00e0 Colle d\u2019Orano.\",\"breadcrumb\":{\"@id\":\"https:\\\/\\\/www.hotelgalli.it\\\/fr\\\/costa-del-sole\\\/#breadcrumb\"},\"inLanguage\":\"fr-FR\",\"potentialAction\":[{\"@type\":\"ReadAction\",\"target\":[\"https:\\\/\\\/www.hotelgalli.it\\\/fr\\\/costa-del-sole\\\/\"]}]},{\"@type\":\"BreadcrumbList\",\"@id\":\"https:\\\/\\\/www.hotelgalli.it\\\/fr\\\/costa-del-sole\\\/#breadcrumb\",\"itemListElement\":[{\"@type\":\"ListItem\",\"position\":1,\"name\":\"Home\",\"item\":\"https:\\\/\\\/www.hotelgalli.it\\\/fr\\\/\"},{\"@type\":\"ListItem\",\"position\":2,\"name\":\"Costa del Sole\"}]},{\"@type\":\"WebSite\",\"@id\":\"https:\\\/\\\/www.hotelgalli.it\\\/fr\\\/#website\",\"url\":\"https:\\\/\\\/www.hotelgalli.it\\\/fr\\\/\",\"name\":\"Hotel Galli Wellness & Spa\",\"description\":\"Fetovaia - Isola d&#039;Elba\",\"publisher\":{\"@id\":\"https:\\\/\\\/www.hotelgalli.it\\\/fr\\\/#organization\"},\"potentialAction\":[{\"@type\":\"SearchAction\",\"target\":{\"@type\":\"EntryPoint\",\"urlTemplate\":\"https:\\\/\\\/www.hotelgalli.it\\\/fr\\\/?s={search_term_string}\"},\"query-input\":{\"@type\":\"PropertyValueSpecification\",\"valueRequired\":true,\"valueName\":\"search_term_string\"}}],\"inLanguage\":\"fr-FR\"},{\"@type\":\"Organization\",\"@id\":\"https:\\\/\\\/www.hotelgalli.it\\\/fr\\\/#organization\",\"name\":\"Hotel Galli Wellness & Spa\",\"url\":\"https:\\\/\\\/www.hotelgalli.it\\\/fr\\\/\",\"logo\":{\"@type\":\"ImageObject\",\"inLanguage\":\"fr-FR\",\"@id\":\"https:\\\/\\\/www.hotelgalli.it\\\/fr\\\/#\\\/schema\\\/logo\\\/image\\\/\",\"url\":\"https:\\\/\\\/www.hotelgalli.it\\\/wp-content\\\/uploads\\\/hotel_galli_wellness_spa_web.png\",\"contentUrl\":\"https:\\\/\\\/www.hotelgalli.it\\\/wp-content\\\/uploads\\\/hotel_galli_wellness_spa_web.png\",\"width\":300,\"height\":101,\"caption\":\"Hotel Galli Wellness & Spa\"},\"image\":{\"@id\":\"https:\\\/\\\/www.hotelgalli.it\\\/fr\\\/#\\\/schema\\\/logo\\\/image\\\/\"},\"sameAs\":[\"https:\\\/\\\/www.facebook.com\\\/hotelgalli.fetovaia\\\/\",\"https:\\\/\\\/www.instagram.com\\\/hotelgalli_elba\\\/\"]}]}<\/script>\n<!-- \/ Yoast SEO plugin. -->","yoast_head_json":{"title":"Costa del Sole - Hotel Galli Wellness &amp; SPA - Fetovaia, \u00cele d'Elbe","description":"La Costa del Sole (C\u00f4te du Soleil) comprend la portion de c\u00f4te du versant sud-occidental de l\u2019\u00eele, de Colle Palombaia \u00e0 Colle d\u2019Orano.","robots":{"index":"index","follow":"follow","max-snippet":"max-snippet:-1","max-image-preview":"max-image-preview:large","max-video-preview":"max-video-preview:-1"},"canonical":"https:\/\/www.hotelgalli.it\/fr\/costa-del-sole\/","og_locale":"fr_FR","og_type":"article","og_title":"Costa del Sole - Hotel Galli Wellness &amp; SPA - Fetovaia, \u00cele d'Elbe","og_description":"La Costa del Sole (C\u00f4te du Soleil) comprend la portion de c\u00f4te du versant sud-occidental de l\u2019\u00eele, de Colle Palombaia \u00e0 Colle d\u2019Orano.","og_url":"https:\/\/www.hotelgalli.it\/fr\/costa-del-sole\/","og_site_name":"Hotel Galli Wellness &amp; SPA","article_publisher":"https:\/\/www.facebook.com\/hotelgalli.fetovaia\/","article_modified_time":"2025-02-12T10:22:00+00:00","twitter_card":"summary_large_image","twitter_misc":{"Dur\u00e9e de lecture estim\u00e9e":"1 minute"},"schema":{"@context":"https:\/\/schema.org","@graph":[{"@type":"WebPage","@id":"https:\/\/www.hotelgalli.it\/fr\/costa-del-sole\/","url":"https:\/\/www.hotelgalli.it\/fr\/costa-del-sole\/","name":"Costa del Sole - Hotel Galli Wellness &amp; SPA - Fetovaia, \u00cele d'Elbe","isPartOf":{"@id":"https:\/\/www.hotelgalli.it\/fr\/#website"},"datePublished":"2023-11-28T15:33:00+00:00","dateModified":"2025-02-12T10:22:00+00:00","description":"La Costa del Sole (C\u00f4te du Soleil) comprend la portion de c\u00f4te du versant sud-occidental de l\u2019\u00eele, de Colle Palombaia \u00e0 Colle d\u2019Orano.","breadcrumb":{"@id":"https:\/\/www.hotelgalli.it\/fr\/costa-del-sole\/#breadcrumb"},"inLanguage":"fr-FR","potentialAction":[{"@type":"ReadAction","target":["https:\/\/www.hotelgalli.it\/fr\/costa-del-sole\/"]}]},{"@type":"BreadcrumbList","@id":"https:\/\/www.hotelgalli.it\/fr\/costa-del-sole\/#breadcrumb","itemListElement":[{"@type":"ListItem","position":1,"name":"Home","item":"https:\/\/www.hotelgalli.it\/fr\/"},{"@type":"ListItem","position":2,"name":"Costa del Sole"}]},{"@type":"WebSite","@id":"https:\/\/www.hotelgalli.it\/fr\/#website","url":"https:\/\/www.hotelgalli.it\/fr\/","name":"Hotel Galli Wellness & Spa","description":"Fetovaia - Isola d&#039;Elba","publisher":{"@id":"https:\/\/www.hotelgalli.it\/fr\/#organization"},"potentialAction":[{"@type":"SearchAction","target":{"@type":"EntryPoint","urlTemplate":"https:\/\/www.hotelgalli.it\/fr\/?s={search_term_string}"},"query-input":{"@type":"PropertyValueSpecification","valueRequired":true,"valueName":"search_term_string"}}],"inLanguage":"fr-FR"},{"@type":"Organization","@id":"https:\/\/www.hotelgalli.it\/fr\/#organization","name":"Hotel Galli Wellness & Spa","url":"https:\/\/www.hotelgalli.it\/fr\/","logo":{"@type":"ImageObject","inLanguage":"fr-FR","@id":"https:\/\/www.hotelgalli.it\/fr\/#\/schema\/logo\/image\/","url":"https:\/\/www.hotelgalli.it\/wp-content\/uploads\/hotel_galli_wellness_spa_web.png","contentUrl":"https:\/\/www.hotelgalli.it\/wp-content\/uploads\/hotel_galli_wellness_spa_web.png","width":300,"height":101,"caption":"Hotel Galli Wellness & Spa"},"image":{"@id":"https:\/\/www.hotelgalli.it\/fr\/#\/schema\/logo\/image\/"},"sameAs":["https:\/\/www.facebook.com\/hotelgalli.fetovaia\/","https:\/\/www.instagram.com\/hotelgalli_elba\/"]}]}},"_links":{"self":[{"href":"https:\/\/www.hotelgalli.it\/fr\/wp-json\/wp\/v2\/pages\/92493","targetHints":{"allow":["GET"]}}],"collection":[{"href":"https:\/\/www.hotelgalli.it\/fr\/wp-json\/wp\/v2\/pages"}],"about":[{"href":"https:\/\/www.hotelgalli.it\/fr\/wp-json\/wp\/v2\/types\/page"}],"author":[{"embeddable":true,"href":"https:\/\/www.hotelgalli.it\/fr\/wp-json\/wp\/v2\/users\/1"}],"replies":[{"embeddable":true,"href":"https:\/\/www.hotelgalli.it\/fr\/wp-json\/wp\/v2\/comments?post=92493"}],"version-history":[{"count":10,"href":"https:\/\/www.hotelgalli.it\/fr\/wp-json\/wp\/v2\/pages\/92493\/revisions"}],"predecessor-version":[{"id":94480,"href":"https:\/\/www.hotelgalli.it\/fr\/wp-json\/wp\/v2\/pages\/92493\/revisions\/94480"}],"wp:attachment":[{"href":"https:\/\/www.hotelgalli.it\/fr\/wp-json\/wp\/v2\/media?parent=92493"}],"curies":[{"name":"wp","href":"https:\/\/api.w.org\/{rel}","templated":true}]}}